{"id":237,"date":"2021-07-08T18:06:09","date_gmt":"2021-07-08T16:06:09","guid":{"rendered":"https:\/\/www.elcuartolucido.com\/?post_type=portfolio&#038;p=237"},"modified":"2024-03-18T18:29:19","modified_gmt":"2024-03-18T17:29:19","slug":"de-vonk-de-emilio-pemjean","status":"publish","type":"portfolio","link":"https:\/\/www.elcuartolucido.com\/index.php\/portfolio-item\/de-vonk-de-emilio-pemjean\/","title":{"rendered":"\u00abDe Vonk\u00bb de Emilio Pemjean"},"content":{"rendered":"\n<style type=\"text\/css\" data-created_by=\"avia_inline_auto\" id=\"style-css-av-r5hzx-b15ca99b4285205c4fdf0b409b801d1f\">\n.flex_column.av-r5hzx-b15ca99b4285205c4fdf0b409b801d1f{\nborder-radius:0px 0px 0px 0px;\npadding:0px 0px 0px 0px;\n}\n<\/style>\n<div  class='flex_column av-r5hzx-b15ca99b4285205c4fdf0b409b801d1f av_one_third  avia-builder-el-0  el_before_av_one_third  avia-builder-el-first  first flex_column_div av-zero-column-padding  '     ><style type=\"text\/css\" data-created_by=\"avia_inline_auto\" id=\"style-css-av-kqv693jd-13e8908dee59c3caa2cf13c476b91af8\">\n.avia-image-container.av-kqv693jd-13e8908dee59c3caa2cf13c476b91af8 img.avia_image{\nbox-shadow:none;\n}\n.avia-image-container.av-kqv693jd-13e8908dee59c3caa2cf13c476b91af8 .av-image-caption-overlay-center{\ncolor:#ffffff;\n}\n<\/style>\n<div  class='avia-image-container av-kqv693jd-13e8908dee59c3caa2cf13c476b91af8 av-styling- avia-align-center  avia-builder-el-1  avia-builder-el-no-sibling '   itemprop=\"image\" itemscope=\"itemscope\" itemtype=\"https:\/\/schema.org\/ImageObject\" ><div class=\"avia-image-container-inner\"><div class=\"avia-image-overlay-wrap\"><img decoding=\"async\" fetchpriority=\"high\" class='wp-image-257 avia-img-lazy-loading-not-257 avia_image ' src=\"https:\/\/www.elcuartolucido.com\/wp-content\/uploads\/2021\/07\/Emilio-Pemjeam-La-Ampliadora-instalacion01.jpg\" alt='' title='Emilio-Pemjeam-La-Ampliadora-instalacion01'  height=\"800\" width=\"1200\"  itemprop=\"thumbnailUrl\" srcset=\"https:\/\/www.elcuartolucido.com\/wp-content\/uploads\/2021\/07\/Emilio-Pemjeam-La-Ampliadora-instalacion01.jpg 1200w, https:\/\/www.elcuartolucido.com\/wp-content\/uploads\/2021\/07\/Emilio-Pemjeam-La-Ampliadora-instalacion01-300x200.jpg 300w, https:\/\/www.elcuartolucido.com\/wp-content\/uploads\/2021\/07\/Emilio-Pemjeam-La-Ampliadora-instalacion01-1030x687.jpg 1030w, https:\/\/www.elcuartolucido.com\/wp-content\/uploads\/2021\/07\/Emilio-Pemjeam-La-Ampliadora-instalacion01-768x512.jpg 768w, https:\/\/www.elcuartolucido.com\/wp-content\/uploads\/2021\/07\/Emilio-Pemjeam-La-Ampliadora-instalacion01-705x470.jpg 705w\" sizes=\"(max-width: 1200px) 100vw, 1200px\" \/><\/div><\/div><\/div><\/div>\n\n<style type=\"text\/css\" data-created_by=\"avia_inline_auto\" id=\"style-css-av-75pyl-891996dfe136a35b1d9002adfe9a5f2b\">\n.flex_column.av-75pyl-891996dfe136a35b1d9002adfe9a5f2b{\nborder-radius:0px 0px 0px 0px;\npadding:0px 0px 0px 0px;\n}\n<\/style>\n<div  class='flex_column av-75pyl-891996dfe136a35b1d9002adfe9a5f2b av_one_third  avia-builder-el-2  el_after_av_one_third  el_before_av_one_fourth  flex_column_div av-zero-column-padding  '     ><style type=\"text\/css\" data-created_by=\"avia_inline_auto\" id=\"style-css-av-kqv69tsd-8183a5f9d9541c153427a9319335a71c\">\n.avia-image-container.av-kqv69tsd-8183a5f9d9541c153427a9319335a71c img.avia_image{\nbox-shadow:none;\n}\n.avia-image-container.av-kqv69tsd-8183a5f9d9541c153427a9319335a71c .av-image-caption-overlay-center{\ncolor:#ffffff;\n}\n<\/style>\n<div  class='avia-image-container av-kqv69tsd-8183a5f9d9541c153427a9319335a71c av-styling- avia-align-center  avia-builder-el-3  avia-builder-el-no-sibling '   itemprop=\"image\" itemscope=\"itemscope\" itemtype=\"https:\/\/schema.org\/ImageObject\" ><div class=\"avia-image-container-inner\"><div class=\"avia-image-overlay-wrap\"><img decoding=\"async\" fetchpriority=\"high\" class='wp-image-259 avia-img-lazy-loading-not-259 avia_image ' src=\"https:\/\/www.elcuartolucido.com\/wp-content\/uploads\/2021\/07\/Emilio-Pemjeam-La-Ampliadora-instalacion03.jpg\" alt='' title='Emilio-Pemjeam-La-Ampliadora-instalacion03'  height=\"960\" width=\"1200\"  itemprop=\"thumbnailUrl\" srcset=\"https:\/\/www.elcuartolucido.com\/wp-content\/uploads\/2021\/07\/Emilio-Pemjeam-La-Ampliadora-instalacion03.jpg 1200w, https:\/\/www.elcuartolucido.com\/wp-content\/uploads\/2021\/07\/Emilio-Pemjeam-La-Ampliadora-instalacion03-300x240.jpg 300w, https:\/\/www.elcuartolucido.com\/wp-content\/uploads\/2021\/07\/Emilio-Pemjeam-La-Ampliadora-instalacion03-1030x824.jpg 1030w, https:\/\/www.elcuartolucido.com\/wp-content\/uploads\/2021\/07\/Emilio-Pemjeam-La-Ampliadora-instalacion03-768x614.jpg 768w, https:\/\/www.elcuartolucido.com\/wp-content\/uploads\/2021\/07\/Emilio-Pemjeam-La-Ampliadora-instalacion03-705x564.jpg 705w\" sizes=\"(max-width: 1200px) 100vw, 1200px\" \/><\/div><\/div><\/div><\/div>\n\n<style type=\"text\/css\" data-created_by=\"avia_inline_auto\" id=\"style-css-av-1dte5-a35b9b8719a1423d5bdb35f4c55bb74e\">\n.flex_column.av-1dte5-a35b9b8719a1423d5bdb35f4c55bb74e{\nborder-radius:0px 0px 0px 0px;\npadding:0px 0px 0px 0px;\n}\n<\/style>\n<div  class='flex_column av-1dte5-a35b9b8719a1423d5bdb35f4c55bb74e av_one_fourth  avia-builder-el-4  el_after_av_one_third  el_before_av_one_full  flex_column_div av-zero-column-padding  '     ><style type=\"text\/css\" data-created_by=\"avia_inline_auto\" id=\"style-css-av-kqv69fpn-b700468d8ba5b351d90bcc98952436ff\">\n.avia-image-container.av-kqv69fpn-b700468d8ba5b351d90bcc98952436ff img.avia_image{\nbox-shadow:none;\n}\n.avia-image-container.av-kqv69fpn-b700468d8ba5b351d90bcc98952436ff .av-image-caption-overlay-center{\ncolor:#ffffff;\n}\n<\/style>\n<div  class='avia-image-container av-kqv69fpn-b700468d8ba5b351d90bcc98952436ff av-styling- avia-align-center  avia-builder-el-5  avia-builder-el-no-sibling '   itemprop=\"image\" itemscope=\"itemscope\" itemtype=\"https:\/\/schema.org\/ImageObject\" ><div class=\"avia-image-container-inner\"><div class=\"avia-image-overlay-wrap\"><img decoding=\"async\" fetchpriority=\"high\" class='wp-image-258 avia-img-lazy-loading-not-258 avia_image ' src=\"https:\/\/www.elcuartolucido.com\/wp-content\/uploads\/2021\/07\/Emilio-Pemjeam-La-Ampliadora-instalacion02.jpg\" alt='' title='Emilio-Pemjeam-La-Ampliadora-instalacion02'  height=\"1200\" width=\"800\"  itemprop=\"thumbnailUrl\" srcset=\"https:\/\/www.elcuartolucido.com\/wp-content\/uploads\/2021\/07\/Emilio-Pemjeam-La-Ampliadora-instalacion02.jpg 800w, https:\/\/www.elcuartolucido.com\/wp-content\/uploads\/2021\/07\/Emilio-Pemjeam-La-Ampliadora-instalacion02-200x300.jpg 200w, https:\/\/www.elcuartolucido.com\/wp-content\/uploads\/2021\/07\/Emilio-Pemjeam-La-Ampliadora-instalacion02-687x1030.jpg 687w, https:\/\/www.elcuartolucido.com\/wp-content\/uploads\/2021\/07\/Emilio-Pemjeam-La-Ampliadora-instalacion02-768x1152.jpg 768w, https:\/\/www.elcuartolucido.com\/wp-content\/uploads\/2021\/07\/Emilio-Pemjeam-La-Ampliadora-instalacion02-470x705.jpg 470w\" sizes=\"(max-width: 800px) 100vw, 800px\" \/><\/div><\/div><\/div><\/div>\n\n<style type=\"text\/css\" data-created_by=\"avia_inline_auto\" id=\"style-css-av-1gwu99-3e51d276358443b7e41a7d079b3336ba\">\n.flex_column.av-1gwu99-3e51d276358443b7e41a7d079b3336ba{\nborder-radius:0px 0px 0px 0px;\npadding:0px 0px 0px 0px;\n}\n<\/style>\n<div  class='flex_column av-1gwu99-3e51d276358443b7e41a7d079b3336ba av_one_full  avia-builder-el-6  el_after_av_one_fourth  el_before_av_one_half  first flex_column_div av-zero-column-padding  column-top-margin'     ><p>\n<style type=\"text\/css\" data-created_by=\"avia_inline_auto\" id=\"style-css-av-kqv3kx7d-38f578c7700fc0f701d4a350d2ca746b\">\n#top .av_textblock_section.av-kqv3kx7d-38f578c7700fc0f701d4a350d2ca746b .avia_textblock{\nfont-size:23px;\ncolor:#000000;\n}\n<\/style>\n<section  class='av_textblock_section av-kqv3kx7d-38f578c7700fc0f701d4a350d2ca746b '   itemscope=\"itemscope\" itemtype=\"https:\/\/schema.org\/CreativeWork\" ><div class='avia_textblock av_inherit_color'  itemprop=\"text\" ><p>Emilio Pemjean\u00a0\u00a0\u00a0\u00a0\u00a0\u00a0 <em><strong><br \/>\n<\/strong><\/em><\/p>\n<\/div><\/section><br \/>\n\n<style type=\"text\/css\" data-created_by=\"avia_inline_auto\" id=\"style-css-av-11n3d1-bccee2f2a7e5a31738f7d25c9f8fee2d\">\n#top .hr.hr-invisible.av-11n3d1-bccee2f2a7e5a31738f7d25c9f8fee2d{\nmargin-top:-50px;\nheight:1px;\n}\n<\/style>\n<div  class='hr av-11n3d1-bccee2f2a7e5a31738f7d25c9f8fee2d hr-invisible  avia-builder-el-8  el_after_av_textblock  el_before_av_textblock '><span class='hr-inner '><span class=\"hr-inner-style\"><\/span><\/span><\/div><br \/>\n\n<style type=\"text\/css\" data-created_by=\"avia_inline_auto\" id=\"style-css-av-kqv3kl28-46bb20ffcb37206f549b247388e744b6\">\n#top .av_textblock_section.av-kqv3kl28-46bb20ffcb37206f549b247388e744b6 .avia_textblock{\nfont-size:23px;\ncolor:#000000;\n}\n<\/style>\n<section  class='av_textblock_section av-kqv3kl28-46bb20ffcb37206f549b247388e744b6 '   itemscope=\"itemscope\" itemtype=\"https:\/\/schema.org\/CreativeWork\" ><div class='avia_textblock av_inherit_color'  itemprop=\"text\" ><p><strong>De Vonk (la chispa) <\/strong><\/p>\n<\/div><\/section><br \/>\n\n<style type=\"text\/css\" data-created_by=\"avia_inline_auto\" id=\"style-css-av-uuor1-d763368419c5b7c5ff8b15d00ca8f334\">\n#top .hr.hr-invisible.av-uuor1-d763368419c5b7c5ff8b15d00ca8f334{\nmargin-top:-15px;\nheight:1px;\n}\n<\/style>\n<div  class='hr av-uuor1-d763368419c5b7c5ff8b15d00ca8f334 hr-invisible  avia-builder-el-10  el_after_av_textblock  avia-builder-el-last '><span class='hr-inner '><span class=\"hr-inner-style\"><\/span><\/span><\/div><\/p><\/div>\n\n<style type=\"text\/css\" data-created_by=\"avia_inline_auto\" id=\"style-css-av-fwccl-5d97f43485c5d9b36fea6d99d45f58b4\">\n.flex_column.av-fwccl-5d97f43485c5d9b36fea6d99d45f58b4{\nborder-radius:0px 0px 0px 0px;\npadding:0px 0px 0px 0px;\n}\n<\/style>\n<div  class='flex_column av-fwccl-5d97f43485c5d9b36fea6d99d45f58b4 av_one_half  avia-builder-el-11  el_after_av_one_full  el_before_av_one_half  first flex_column_div av-zero-column-padding  column-top-margin'     ><style type=\"text\/css\" data-created_by=\"avia_inline_auto\" id=\"style-css-av-ltx7ynpd-b9e7d92ff84701f64e5a80c0c2429f06\">\n#top .av_textblock_section.av-ltx7ynpd-b9e7d92ff84701f64e5a80c0c2429f06 .avia_textblock{\nfont-size:13px;\ncolor:#000000;\n}\n<\/style>\n<section  class='av_textblock_section av-ltx7ynpd-b9e7d92ff84701f64e5a80c0c2429f06 '   itemscope=\"itemscope\" itemtype=\"https:\/\/schema.org\/CreativeWork\" ><div class='avia_textblock av_inherit_color'  itemprop=\"text\" ><p>En febrero de 1918 se crea la casa de vacaciones para j\u00f3venes trabajadoras Vakantiehuis De Vonk en Noordwijkerhout (Holanda). En ella las adolescentes pod\u00edan escapar durante una semana al a\u00f1o de la rutina y las preocupaciones del trabajo diario en las f\u00e1bricas de Leiden. Entre 1960 y 1980 el edificio es ocupado como residencia asociada al centro psiqui\u00e1trico de la ciudad de Noordwijkerhout. A partir de 1990 es utilizado, durante quince a\u00f1os, como centro para la atenci\u00f3n de refugiados v\u00edctimas de la guerra y la violencia organizada en sus pa\u00edses de origen. En la actualidad el edificio, transformado por el tiempo y los diversos usos, es un centro de cuidado infantil.<\/p>\n<p>El proyecto se desarrolla a partir de la reconstrucci\u00f3n interpretativa (utilizando maquetas, fotograf\u00edas, v\u00eddeo y sonido), de arquitecturas hoy inexistentes. En la reconstrucci\u00f3n del vest\u00edbulo y la escalera de De Vonk se hacen presentes las transformaciones producidas a lo largo del tiempo. Los objetos, los muebles o las personas, ahora ausentes, se nos aparecen como espectros a trav\u00e9s de la memoria o de las huellas casi intangibles que el lugar o su representaci\u00f3n conservan.<\/p>\n<\/div><\/section><\/div>\n<style type=\"text\/css\" data-created_by=\"avia_inline_auto\" id=\"style-css-av-9cx1h-18eb2d8ccc94a84b5967d3f5371fb883\">\n.flex_column.av-9cx1h-18eb2d8ccc94a84b5967d3f5371fb883{\nborder-radius:0px 0px 0px 0px;\npadding:0px 0px 0px 0px;\n}\n<\/style>\n<div  class='flex_column av-9cx1h-18eb2d8ccc94a84b5967d3f5371fb883 av_one_half  avia-builder-el-13  el_after_av_one_half  avia-builder-el-last  flex_column_div av-zero-column-padding  column-top-margin'     ><style type=\"text\/css\" data-created_by=\"avia_inline_auto\" id=\"style-css-av-ltx7ysb3-8f2688716965d217fdada34c987be7d5\">\n#top .av_textblock_section.av-ltx7ysb3-8f2688716965d217fdada34c987be7d5 .avia_textblock{\nfont-size:13px;\ncolor:#000000;\n}\n<\/style>\n<section  class='av_textblock_section av-ltx7ysb3-8f2688716965d217fdada34c987be7d5 '   itemscope=\"itemscope\" itemtype=\"https:\/\/schema.org\/CreativeWork\" ><div class='avia_textblock av_inherit_color'  itemprop=\"text\" ><p>En ese espacio-simulacro, producto de la imaginaci\u00f3n, se mueven los espectros y resuenan las presencias de los que un d\u00eda lo habitaron. En el espacio en torno a la escalera durante casi cien a\u00f1os se establecieron conversaciones o se declararon secretos.<\/p>\n<p>Como lugar entre la realidad y la ficci\u00f3n, este proyecto, construido a partir de la interpretaci\u00f3n surgida de sus ruinas, se convierte en un mecanismo de transformaci\u00f3n simb\u00f3lica de experiencias que no pueden ser expresadas adecuadamente por ning\u00fan otro medio, capaces de disolver toda frontera entre realidad y ficci\u00f3n.<\/p>\n<\/div><\/section><\/div><\/p>\n","protected":false},"excerpt":{"rendered":"","protected":false},"author":2,"featured_media":239,"comment_status":"open","ping_status":"closed","template":"","meta":{"footnotes":""},"tags":[9],"portfolio_entries":[4],"class_list":["post-237","portfolio","type-portfolio","status-publish","has-post-thumbnail","hentry","tag-emilio-pemjean","portfolio_entries-proyectos-seleccionados"],"_links":{"self":[{"href":"https:\/\/www.elcuartolucido.com\/index.php\/wp-json\/wp\/v2\/portfolio\/237","targetHints":{"allow":["GET"]}}],"collection":[{"href":"https:\/\/www.elcuartolucido.com\/index.php\/wp-json\/wp\/v2\/portfolio"}],"about":[{"href":"https:\/\/www.elcuartolucido.com\/index.php\/wp-json\/wp\/v2\/types\/portfolio"}],"author":[{"embeddable":true,"href":"https:\/\/www.elcuartolucido.com\/index.php\/wp-json\/wp\/v2\/users\/2"}],"replies":[{"embeddable":true,"href":"https:\/\/www.elcuartolucido.com\/index.php\/wp-json\/wp\/v2\/comments?post=237"}],"version-history":[{"count":20,"href":"https:\/\/www.elcuartolucido.com\/index.php\/wp-json\/wp\/v2\/portfolio\/237\/revisions"}],"predecessor-version":[{"id":345,"href":"https:\/\/www.elcuartolucido.com\/index.php\/wp-json\/wp\/v2\/portfolio\/237\/revisions\/345"}],"wp:featuredmedia":[{"embeddable":true,"href":"https:\/\/www.elcuartolucido.com\/index.php\/wp-json\/wp\/v2\/media\/239"}],"wp:attachment":[{"href":"https:\/\/www.elcuartolucido.com\/index.php\/wp-json\/wp\/v2\/media?parent=237"}],"wp:term":[{"taxonomy":"post_tag","embeddable":true,"href":"https:\/\/www.elcuartolucido.com\/index.php\/wp-json\/wp\/v2\/tags?post=237"},{"taxonomy":"portfolio_entries","embeddable":true,"href":"https:\/\/www.elcuartolucido.com\/index.php\/wp-json\/wp\/v2\/portfolio_entries?post=237"}],"curies":[{"name":"wp","href":"https:\/\/api.w.org\/{rel}","templated":true}]}}